{"id":19,"date":"2020-09-03T14:03:44","date_gmt":"2020-09-03T12:03:44","guid":{"rendered":"http:\/\/laurenceretourne.fr\/?page_id=19"},"modified":"2022-07-11T17:02:26","modified_gmt":"2022-07-11T15:02:26","slug":"evenements","status":"publish","type":"page","link":"https:\/\/laurenceretourne.fr\/?page_id=19","title":{"rendered":"\u00c9v\u00e8nements"},"content":{"rendered":"\t\t<div data-elementor-type=\"wp-page\" data-elementor-id=\"19\" class=\"elementor elementor-19\" data-elementor-settings=\"[]\">\n\t\t\t\t\t\t<div class=\"elementor-inner\">\n\t\t\t\t\t\t\t<div class=\"elementor-section-wrap\">\n\t\t\t\t\t\t\t<section class=\"elementor-section elementor-top-section elementor-element elementor-element-2737fe7 elementor-section-boxed elementor-section-height-default elementor-section-height-default\" data-id=\"2737fe7\" data-element_type=\"section\">\n\t\t\t\t\t\t<div class=\"elementor-container elementor-column-gap-default\">\n\t\t\t\t\t\t\t<div class=\"elementor-row\">\n\t\t\t\t\t<div class=\"elementor-column elementor-col-100 elementor-top-column elementor-element elementor-element-f392f86\" data-id=\"f392f86\" data-element_type=\"column\">\n\t\t\t<div class=\"elementor-column-wrap elementor-element-populated\">\n\t\t\t\t\t\t\t<div class=\"elementor-widget-wrap\">\n\t\t\t\t\t\t<div class=\"elementor-element elementor-element-3217488 elementor-widget elementor-widget-heading\" data-id=\"3217488\" data-element_type=\"widget\" data-widget_type=\"heading.default\">\n\t\t\t\t<div class=\"elementor-widget-container\">\n\t\t\t<h1 class=\"elementor-heading-title elementor-size-xxl\">\u00c9V\u00c8NEMENTS<\/h1>\t\t<\/div>\n\t\t\t\t<\/div>\n\t\t\t\t<div class=\"elementor-element elementor-element-1d91cce elementor-widget-divider--view-line elementor-widget elementor-widget-divider\" data-id=\"1d91cce\" data-element_type=\"widget\" data-widget_type=\"divider.default\">\n\t\t\t\t<div class=\"elementor-widget-container\">\n\t\t\t\t\t<div class=\"elementor-divider\">\n\t\t\t<span class=\"elementor-divider-separator\">\n\t\t\t\t\t\t<\/span>\n\t\t<\/div>\n\t\t\t\t<\/div>\n\t\t\t\t<\/div>\n\t\t\t\t<div class=\"elementor-element elementor-element-3cbc9f6 elementor-widget elementor-widget-text-editor\" data-id=\"3cbc9f6\" data-element_type=\"widget\" data-widget_type=\"text-editor.default\">\n\t\t\t\t<div class=\"elementor-widget-container\">\n\t\t\t\t\t\t\t\t<div class=\"elementor-text-editor elementor-clearfix\">\n\t\t\t\t<p>Cette ann\u00e9e je vous propose diff\u00e9rents \u00e9v\u00e8nements : des cours, des conf\u00e9rences, des voyages guid\u00e9s en \u00c9gypte ainsi que des visites guid\u00e9es en mus\u00e9e. Ci-dessous, un aper\u00e7u de ces prestations vous informe sur leurs propos. Et si vous \u00eates int\u00e9ress\u00e9s, vous trouverez des informations pr\u00e9cises sur les lieux, les dates et les contacts en cliquant sur \u00ab\u00a0En savoir plus\u00a0\u00bb.<\/p>\t\t\t\t\t<\/div>\n\t\t\t\t\t\t<\/div>\n\t\t\t\t<\/div>\n\t\t\t\t<div class=\"elementor-element elementor-element-3a2dda8 elementor-widget elementor-widget-heading\" data-id=\"3a2dda8\" data-element_type=\"widget\" data-widget_type=\"heading.default\">\n\t\t\t\t<div class=\"elementor-widget-container\">\n\t\t\t<h2 class=\"elementor-heading-title elementor-size-xl\">FUTURS \u00c9V\u00c8NEMENTS<\/h2>\t\t<\/div>\n\t\t\t\t<\/div>\n\t\t\t\t<section class=\"elementor-section elementor-inner-section elementor-element elementor-element-c5b3c5e elementor-section-boxed elementor-section-height-default elementor-section-height-default\" data-id=\"c5b3c5e\" data-element_type=\"section\">\n\t\t\t\t\t\t<div class=\"elementor-container elementor-column-gap-default\">\n\t\t\t\t\t\t\t<div class=\"elementor-row\">\n\t\t\t\t\t<div class=\"elementor-column elementor-col-50 elementor-inner-column elementor-element elementor-element-884fb10\" data-id=\"884fb10\" data-element_type=\"column\">\n\t\t\t<div class=\"elementor-column-wrap elementor-element-populated\">\n\t\t\t\t\t\t\t<div class=\"elementor-widget-wrap\">\n\t\t\t\t\t\t<div class=\"elementor-element elementor-element-90d6848 elementor-cta--skin-classic elementor-animated-content elementor-bg-transform elementor-bg-transform-zoom-in elementor-widget elementor-widget-call-to-action\" data-id=\"90d6848\" data-element_type=\"widget\" data-widget_type=\"call-to-action.default\">\n\t\t\t\t<div class=\"elementor-widget-container\">\n\t\t\t\t\t<div  class=\"elementor-cta\">\n\t\t\t\t\t<div class=\"elementor-cta__bg-wrapper\">\n\t\t\t\t<div class=\"elementor-cta__bg elementor-bg\" style=\"background-image: url(https:\/\/laurenceretourne.fr\/wp-content\/uploads\/2020\/09\/universite-permanante-de-nantes-1024x576.jpg);\"><\/div>\n\t\t\t\t<div class=\"elementor-cta__bg-overlay\"><\/div>\n\t\t\t<\/div>\n\t\t\t\t\t\t\t<div class=\"elementor-cta__content\">\n\t\t\t\t\n\t\t\t\t\t\t\t\t\t<h2 class=\"elementor-cta__title elementor-cta__content-item elementor-content-item\">\n\t\t\t\t\t\tCOURS UPN (Nantes)\t\t\t\t\t<\/h2>\n\t\t\t\t\n\t\t\t\t\t\t\t\t\t<div class=\"elementor-cta__description elementor-cta__content-item elementor-content-item\">\n\t\t\t\t\t\tDu 05 janvier au 10 f\u00e9vrier 2023, l'Universit\u00e9 Permanente de Nantes m'accueille pour animer quatre cours \u00e9gyptologiques.\t\t\t\t\t<\/div>\n\t\t\t\t\n\t\t\t\t\t\t\t\t\t<div class=\"elementor-cta__button-wrapper elementor-cta__content-item elementor-content-item \">\n\t\t\t\t\t<a class=\"elementor-cta__button elementor-button elementor-size-sm\" href=\"#coursupn\">\n\t\t\t\t\t\tEn savoir plus\t\t\t\t\t<\/a>\n\t\t\t\t\t<\/div>\n\t\t\t\t\t\t\t<\/div>\n\t\t\t\t\t\t\t<div class=\"elementor-ribbon\">\n\t\t\t\t<div class=\"elementor-ribbon-inner\">2022-2023<\/div>\n\t\t\t<\/div>\n\t\t\t\t<\/div>\n\t\t\t\t<\/div>\n\t\t\t\t<\/div>\n\t\t\t\t<div class=\"elementor-element elementor-element-e3f2dba elementor-cta--skin-classic elementor-animated-content elementor-bg-transform elementor-bg-transform-zoom-in elementor-widget elementor-widget-call-to-action\" data-id=\"e3f2dba\" data-element_type=\"widget\" data-widget_type=\"call-to-action.default\">\n\t\t\t\t<div class=\"elementor-widget-container\">\n\t\t\t\t\t<div  class=\"elementor-cta\">\n\t\t\t\t\t<div class=\"elementor-cta__bg-wrapper\">\n\t\t\t\t<div class=\"elementor-cta__bg elementor-bg\" style=\"background-image: url(https:\/\/laurenceretourne.fr\/wp-content\/uploads\/2020\/09\/DSC_0253-Ste\u0300le-rupestre-Ramses-2-1024x683.jpg);\"><\/div>\n\t\t\t\t<div class=\"elementor-cta__bg-overlay\"><\/div>\n\t\t\t<\/div>\n\t\t\t\t\t\t\t<div class=\"elementor-cta__content\">\n\t\t\t\t\n\t\t\t\t\t\t\t\t\t<h2 class=\"elementor-cta__title elementor-cta__content-item elementor-content-item\">\n\t\t\t\t\t\tVOYAGES GUID\u00c9S EN \u00c9GYPTE<br><i>(PEROU NEFER)<\/i>\t\t\t\t\t<\/h2>\n\t\t\t\t\n\t\t\t\t\t\t\t\t\t<div class=\"elementor-cta__description elementor-cta__content-item elementor-content-item\">\n\t\t\t\t\t\tUne \u00e0 deux fois par an, \"Perou Nefer\" propose un voyage en \u00c9gypte avec une th\u00e9matique culturelle sp\u00e9cifique travaill\u00e9e dans un cours donn\u00e9 \u00e0  l'UPN\t\t\t\t\t<\/div>\n\t\t\t\t\n\t\t\t\t\t\t\t\t\t<div class=\"elementor-cta__button-wrapper elementor-cta__content-item elementor-content-item \">\n\t\t\t\t\t<a class=\"elementor-cta__button elementor-button elementor-size-sm\" href=\"#voyagesguidesenegyptePN\">\n\t\t\t\t\t\tEn savoir plus\t\t\t\t\t<\/a>\n\t\t\t\t\t<\/div>\n\t\t\t\t\t\t\t<\/div>\n\t\t\t\t\t\t\t<div class=\"elementor-ribbon\">\n\t\t\t\t<div class=\"elementor-ribbon-inner\">2022-2023<\/div>\n\t\t\t<\/div>\n\t\t\t\t<\/div>\n\t\t\t\t<\/div>\n\t\t\t\t<\/div>\n\t\t\t\t<div class=\"elementor-element elementor-element-357e1d4 elementor-cta--skin-classic elementor-animated-content elementor-bg-transform elementor-bg-transform-zoom-in elementor-widget elementor-widget-call-to-action\" data-id=\"357e1d4\" data-element_type=\"widget\" data-widget_type=\"call-to-action.default\">\n\t\t\t\t<div class=\"elementor-widget-container\">\n\t\t\t\t\t<div  class=\"elementor-cta\">\n\t\t\t\t\t<div class=\"elementor-cta__bg-wrapper\">\n\t\t\t\t<div class=\"elementor-cta__bg elementor-bg\" style=\"background-image: url(https:\/\/laurenceretourne.fr\/wp-content\/uploads\/2020\/09\/Pornic-Bord-du-Nil-10.11.10-salle-1024x766.jpg);\"><\/div>\n\t\t\t\t<div class=\"elementor-cta__bg-overlay\"><\/div>\n\t\t\t<\/div>\n\t\t\t\t\t\t\t<div class=\"elementor-cta__content\">\n\t\t\t\t\n\t\t\t\t\t\t\t\t\t<h2 class=\"elementor-cta__title elementor-cta__content-item elementor-content-item\">\n\t\t\t\t\t\tCONF\u00c9RENCES\t\t\t\t\t<\/h2>\n\t\t\t\t\n\t\t\t\t\t\t\t\t\t<div class=\"elementor-cta__description elementor-cta__content-item elementor-content-item\">\n\t\t\t\t\t\tDans les prochains mois des Universit\u00e9s du Temps Libre et l'association ANA mettent \u00e0 l'affiche quelques unes de mes conf\u00e9rences.\t\t\t\t\t<\/div>\n\t\t\t\t\n\t\t\t\t\t\t\t\t\t<div class=\"elementor-cta__button-wrapper elementor-cta__content-item elementor-content-item \">\n\t\t\t\t\t<a class=\"elementor-cta__button elementor-button elementor-size-sm\" href=\"#conferences\">\n\t\t\t\t\t\tEn savoir plus\t\t\t\t\t<\/a>\n\t\t\t\t\t<\/div>\n\t\t\t\t\t\t\t<\/div>\n\t\t\t\t\t\t\t<div class=\"elementor-ribbon\">\n\t\t\t\t<div class=\"elementor-ribbon-inner\">2022-2023<\/div>\n\t\t\t<\/div>\n\t\t\t\t<\/div>\n\t\t\t\t<\/div>\n\t\t\t\t<\/div>\n\t\t\t\t\t\t<\/div>\n\t\t\t\t\t<\/div>\n\t\t<\/div>\n\t\t\t\t<div class=\"elementor-column elementor-col-50 elementor-inner-column elementor-element elementor-element-550f903\" data-id=\"550f903\" data-element_type=\"column\">\n\t\t\t<div class=\"elementor-column-wrap elementor-element-populated\">\n\t\t\t\t\t\t\t<div class=\"elementor-widget-wrap\">\n\t\t\t\t\t\t<div class=\"elementor-element elementor-element-4769539 elementor-cta--skin-classic elementor-animated-content elementor-bg-transform elementor-bg-transform-zoom-in elementor-widget elementor-widget-call-to-action\" data-id=\"4769539\" data-element_type=\"widget\" data-widget_type=\"call-to-action.default\">\n\t\t\t\t<div class=\"elementor-widget-container\">\n\t\t\t\t\t<div  class=\"elementor-cta\">\n\t\t\t\t\t<div class=\"elementor-cta__bg-wrapper\">\n\t\t\t\t<div class=\"elementor-cta__bg elementor-bg\" style=\"background-image: url(https:\/\/laurenceretourne.fr\/wp-content\/uploads\/2022\/07\/UTL-Lille-Logo-carre\u0301-image--e1657210916980.png);\"><\/div>\n\t\t\t\t<div class=\"elementor-cta__bg-overlay\"><\/div>\n\t\t\t<\/div>\n\t\t\t\t\t\t\t<div class=\"elementor-cta__content\">\n\t\t\t\t\n\t\t\t\t\t\t\t\t\t<h2 class=\"elementor-cta__title elementor-cta__content-item elementor-content-item\">\n\t\t\t\t\t\tCOURS UTL (Lille)\t\t\t\t\t<\/h2>\n\t\t\t\t\n\t\t\t\t\t\t\t\t\t<div class=\"elementor-cta__description elementor-cta__content-item elementor-content-item\">\n\t\t\t\t\t\tDu 04 octobre au 15 novembre, l'UTL de LIlle m'accueille pour animer un atelier d'histoire de l'art en \u00c9gypte ancienne \t\t\t\t\t<\/div>\n\t\t\t\t\n\t\t\t\t\t\t\t\t\t<div class=\"elementor-cta__button-wrapper elementor-cta__content-item elementor-content-item \">\n\t\t\t\t\t<a class=\"elementor-cta__button elementor-button elementor-size-sm\" href=\"#coursutl\">\n\t\t\t\t\t\tEn savoir plus\t\t\t\t\t<\/a>\n\t\t\t\t\t<\/div>\n\t\t\t\t\t\t\t<\/div>\n\t\t\t\t\t\t\t<div class=\"elementor-ribbon\">\n\t\t\t\t<div class=\"elementor-ribbon-inner\">2022-2023<\/div>\n\t\t\t<\/div>\n\t\t\t\t<\/div>\n\t\t\t\t<\/div>\n\t\t\t\t<\/div>\n\t\t\t\t<div class=\"elementor-element elementor-element-e76dcf1 elementor-cta--skin-classic elementor-animated-content elementor-bg-transform elementor-bg-transform-zoom-in elementor-widget elementor-widget-call-to-action\" data-id=\"e76dcf1\" data-element_type=\"widget\" data-widget_type=\"call-to-action.default\">\n\t\t\t\t<div class=\"elementor-widget-container\">\n\t\t\t\t\t<div  class=\"elementor-cta\">\n\t\t\t\t\t<div class=\"elementor-cta__bg-wrapper\">\n\t\t\t\t<div class=\"elementor-cta__bg elementor-bg\" style=\"background-image: url(https:\/\/laurenceretourne.fr\/wp-content\/uploads\/2022\/07\/Les-maisons-du-Voyages-Logo-.png);\"><\/div>\n\t\t\t\t<div class=\"elementor-cta__bg-overlay\"><\/div>\n\t\t\t<\/div>\n\t\t\t\t\t\t\t<div class=\"elementor-cta__content\">\n\t\t\t\t\n\t\t\t\t\t\t\t\t\t<h2 class=\"elementor-cta__title elementor-cta__content-item elementor-content-item\">\n\t\t\t\t\t\tVOYAGES GUID\u00c9S EN \u00c9GYPTE<br><i>(LES MAISONS DU VOYAGE)<\/i>\t\t\t\t\t<\/h2>\n\t\t\t\t\n\t\t\t\t\t\t\t\t\t<div class=\"elementor-cta__description elementor-cta__content-item elementor-content-item\">\n\t\t\t\t\t\tPour son trenti\u00e8me anniversaire, le voyagiste \"Les Maisons du Voyage\" propose un voyage d'exception en \u00c9gypte, l'un en hiver, l'autre au printemps \t\t\t\t\t<\/div>\n\t\t\t\t\n\t\t\t\t\t\t\t\t\t<div class=\"elementor-cta__button-wrapper elementor-cta__content-item elementor-content-item \">\n\t\t\t\t\t<a class=\"elementor-cta__button elementor-button elementor-size-sm\" href=\"#voyagesguidesenegypteMdV\">\n\t\t\t\t\t\tEn savoir plus\t\t\t\t\t<\/a>\n\t\t\t\t\t<\/div>\n\t\t\t\t\t\t\t<\/div>\n\t\t\t\t\t\t\t<div class=\"elementor-ribbon\">\n\t\t\t\t<div class=\"elementor-ribbon-inner\">2022-2023<\/div>\n\t\t\t<\/div>\n\t\t\t\t<\/div>\n\t\t\t\t<\/div>\n\t\t\t\t<\/div>\n\t\t\t\t<div class=\"elementor-element elementor-element-5c69386 elementor-cta--skin-classic elementor-animated-content elementor-bg-transform elementor-bg-transform-zoom-in elementor-widget elementor-widget-call-to-action\" data-id=\"5c69386\" data-element_type=\"widget\" data-widget_type=\"call-to-action.default\">\n\t\t\t\t<div class=\"elementor-widget-container\">\n\t\t\t\t\t<div  class=\"elementor-cta\">\n\t\t\t\t\t<div class=\"elementor-cta__bg-wrapper\">\n\t\t\t\t<div class=\"elementor-cta__bg elementor-bg\" style=\"background-image: url(https:\/\/laurenceretourne.fr\/wp-content\/uploads\/2020\/09\/Jupiter-1024x768.jpg);\"><\/div>\n\t\t\t\t<div class=\"elementor-cta__bg-overlay\"><\/div>\n\t\t\t<\/div>\n\t\t\t\t\t\t\t<div class=\"elementor-cta__content\">\n\t\t\t\t\n\t\t\t\t\t\t\t\t\t<h2 class=\"elementor-cta__title elementor-cta__content-item elementor-content-item\">\n\t\t\t\t\t\tVISITES GUID\u00c9ES EN MUS\u00c9E\t\t\t\t\t<\/h2>\n\t\t\t\t\n\t\t\t\t\t\t\t\t\t<div class=\"elementor-cta__description elementor-cta__content-item elementor-content-item\">\n\t\t\t\t\t\tJusqu'au 25 juillet, le Louvre Lens vous propose des visites guid\u00e9es dans l'exposition <i>Rome<\/i>, puis dans la <i> Galerie du Temps<\/i>. \u00c0 partir du 28 septembre, honneur \u00e0 Champollion !\t\t\t\t\t<\/div>\n\t\t\t\t\n\t\t\t\t\t\t\t\t\t<div class=\"elementor-cta__button-wrapper elementor-cta__content-item elementor-content-item \">\n\t\t\t\t\t<a class=\"elementor-cta__button elementor-button elementor-size-sm\" href=\"#visitesguideesenmusee\">\n\t\t\t\t\t\tEn savoir plus\t\t\t\t\t<\/a>\n\t\t\t\t\t<\/div>\n\t\t\t\t\t\t\t<\/div>\n\t\t\t\t\t\t<\/div>\n\t\t\t\t<\/div>\n\t\t\t\t<\/div>\n\t\t\t\t\t\t<\/div>\n\t\t\t\t\t<\/div>\n\t\t<\/div>\n\t\t\t\t\t\t\t\t<\/div>\n\t\t\t\t\t<\/div>\n\t\t<\/section>\n\t\t\t\t\t\t<\/div>\n\t\t\t\t\t<\/div>\n\t\t<\/div>\n\t\t\t\t\t\t\t\t<\/div>\n\t\t\t\t\t<\/div>\n\t\t<\/section>\n\t\t\t\t<section class=\"elementor-section elementor-top-section elementor-element elementor-element-d2d09a6 elementor-section-boxed elementor-section-height-default elementor-section-height-default\" data-id=\"d2d09a6\" data-element_type=\"section\" data-settings=\"{&quot;background_background&quot;:&quot;classic&quot;}\">\n\t\t\t\t\t\t<div class=\"elementor-container elementor-column-gap-default\">\n\t\t\t\t\t\t\t<div class=\"elementor-row\">\n\t\t\t\t\t<div class=\"elementor-column elementor-col-100 elementor-top-column elementor-element elementor-element-8ffde3c\" data-id=\"8ffde3c\" data-element_type=\"column\">\n\t\t\t<div class=\"elementor-column-wrap elementor-element-populated\">\n\t\t\t\t\t\t\t<div class=\"elementor-widget-wrap\">\n\t\t\t\t\t\t<div class=\"elementor-element elementor-element-c7db94d elementor-widget elementor-widget-menu-anchor\" data-id=\"c7db94d\" data-element_type=\"widget\" data-widget_type=\"menu-anchor.default\">\n\t\t\t\t<div class=\"elementor-widget-container\">\n\t\t\t\t\t<div id=\"coursupn\" class=\"elementor-menu-anchor\"><\/div>\n\t\t\t\t<\/div>\n\t\t\t\t<\/div>\n\t\t\t\t<div class=\"elementor-element elementor-element-05e62b9 elementor-widget elementor-widget-menu-anchor\" data-id=\"05e62b9\" data-element_type=\"widget\" data-widget_type=\"menu-anchor.default\">\n\t\t\t\t<div class=\"elementor-widget-container\">\n\t\t\t\t\t<div id=\"coursupn\" class=\"elementor-menu-anchor\"><\/div>\n\t\t\t\t<\/div>\n\t\t\t\t<\/div>\n\t\t\t\t<div class=\"elementor-element elementor-element-42fc2ec elementor-position-left elementor-vertical-align-middle elementor-widget elementor-widget-image-box\" data-id=\"42fc2ec\" data-element_type=\"widget\" data-widget_type=\"image-box.default\">\n\t\t\t\t<div class=\"elementor-widget-container\">\n\t\t\t<div class=\"elementor-image-box-wrapper\"><figure class=\"elementor-image-box-img\"><img loading=\"lazy\" decoding=\"async\" width=\"1280\" height=\"720\" src=\"https:\/\/laurenceretourne.fr\/wp-content\/uploads\/2020\/09\/universite-permanante-de-nantes.jpg\" class=\"attachment-full size-full\" alt=\"\" \/><\/figure><div class=\"elementor-image-box-content\"><h3 class=\"elementor-image-box-title\">COURS UPN (Nantes)<\/h3><p class=\"elementor-image-box-description\">Les locaux de l\u2019Universit\u00e9 Permanente de Nantes sont situ\u00e9s au 2e \u00e9tage du b\u00e2timent des Ateliers et chantiers de Nantes, dans le quartier de l\u2019\u00eele de Nantes, au 2 bis Boulevard L\u00e9on Bureau (44200 Nantes).<br><br>\n\n\nCette ann\u00e9e 2023 : 4 cycles de 6 cours conf\u00e9renciers de 2h00, chaque semaine du 05 janvier au 10 f\u00e9vrier 2023 : <br><br>\n\n\n\u27a1\ufe0f Le jeudi matin (10h00-12h00) : Histoire g\u00e9n\u00e9rale de l\u2019\u00c9gypte pharaonique (1e=\"\" cycle) - <i>Aux origines de l'\u00c9gypte pharaonique (3900-2700 av. J.C.)<\/i> - Cours 021710 : <a href=\"https:\/\/www2.up.univ-nantes.fr\/MonUPb\/?s=021710&amp;post_type=product\">https:\/\/www2.up.univ-nantes.fr\/MonUPb\/?s=021710&amp;post_type=product<\/a><br><br>\n\n\n<img decoding=\"async\" draggable=\"false\" role=\"img\" class=\"emoji\" alt=\"\u27a1\ufe0f\" src=\"https:\/\/s.w.org\/images\/core\/emoji\/13.1.0\/svg\/27a1.svg\"> Le jeudi apr\u00e8s-midi (14h00-16h00) : <i>Egyptiens vs.\/Nubiens : des fr\u00e8res ennemis ?<\/i> \u2013 Cours 021715 : <a href=\"https:\/\/www2.up.univ-nantes.fr\/MonUPb\/?s=021715\">https:\/\/www2.up.univ-nantes.fr\/MonUPb\/?s=021715<\/a><br><br>\n\n<img decoding=\"async\" draggable=\"false\" role=\"img\" class=\"emoji\" alt=\"\u27a1\ufe0f\" src=\"https:\/\/s.w.org\/images\/core\/emoji\/13.1.0\/svg\/27a1.svg\"> Le vendredi matin (10h00-12h00) : <i>L'\u00c9gypte du nord au sud, toute une histoire !<\/i> \u2013 Cours 021730 : <a href=\"https:\/\/www2.up.univ-nantes.fr\/MonUPb\/?s=021730&amp;post_type=product\">https:\/\/www2.up.univ-nantes.fr\/MonUPb\/?s=021730&amp;post_type=product<\/a><br><br>\n\n<img decoding=\"async\" draggable=\"false\" role=\"img\" class=\"emoji\" alt=\"\u27a1\ufe0f\" src=\"https:\/\/s.w.org\/images\/core\/emoji\/13.1.0\/svg\/27a1.svg\"> Le vendredi apr\u00e8s-midi (14h00-16h00) : <i>Iconographie th\u00e9baine : ce que disent les temples, ce que racontent les tombes<\/i> \u2013 Cours 021720 : <a href=\"https:\/\/www2.up.univ-nantes.fr\/MonUPb\/?s=021720&post_type=product\">https:\/\/www2.up.univ-nantes.fr\/MonUPb\/?s=021720&post_type=product<\/a><br><br\n<p class=\"MsoNormal\" style=\"margin: 0cm 0cm 0.0001pt; font-size: 12pt; font-family: Cambria; color: rgb(0, 0, 0); font-style: normal; font-variant-ligatures: normal; font-variant-caps: normal; font-weight: 400; white-space: normal;\"><span style=\"font-family: Arial;\"><o:p><\/o:p><\/span><\/p>\n\n\n<b>Contact pour inscription<\/b> \u00e0 partir du 13 septembre 2022 \u00e0 midi : <a href=\"https:\/\/www2.up.univ-nantes.fr\/MonUPb\/\">https:\/\/www2.up.univ-nantes.fr\/MonUPb\/<\/a><\/p><\/div><\/div>\t\t<\/div>\n\t\t\t\t<\/div>\n\t\t\t\t<div class=\"elementor-element elementor-element-7672921 elementor-widget elementor-widget-menu-anchor\" data-id=\"7672921\" data-element_type=\"widget\" data-widget_type=\"menu-anchor.default\">\n\t\t\t\t<div class=\"elementor-widget-container\">\n\t\t\t\t\t<div id=\"coursutl\" class=\"elementor-menu-anchor\"><\/div>\n\t\t\t\t<\/div>\n\t\t\t\t<\/div>\n\t\t\t\t<div class=\"elementor-element elementor-element-deb541e elementor-position-left elementor-vertical-align-middle elementor-widget elementor-widget-image-box\" data-id=\"deb541e\" data-element_type=\"widget\" data-widget_type=\"image-box.default\">\n\t\t\t\t<div class=\"elementor-widget-container\">\n\t\t\t<div class=\"elementor-image-box-wrapper\"><figure class=\"elementor-image-box-img\"><img loading=\"lazy\" decoding=\"async\" width=\"232\" height=\"198\" src=\"https:\/\/laurenceretourne.fr\/wp-content\/uploads\/2022\/07\/UTL-Lille-Logo-carre\u0301-image--e1657210916980.png\" class=\"attachment-full size-full\" alt=\"\" \/><\/figure><div class=\"elementor-image-box-content\"><h3 class=\"elementor-image-box-title\">COURS UTL de Lille <\/h3><p class=\"elementor-image-box-description\">Les locaux o\u00f9 se tiennent les <i>Ateliers d'Histoire de l'art<\/i> propos\u00e9s par l\u2019Universit\u00e9 du Temps Libre de Lille sont situ\u00e9s \u00e0 Tourcoing, au 35 rus Sainte Barbe au sein de l'IUT B.<br>\n\n\nCette ann\u00e9e <b>2022-2023<\/b> : 6 s\u00e9ances de 2h00, du 04 octobre au 15 novembre 2022 de 10h00 \u00e0 12h00 <br><br>\n\n\n\u27a1\ufe0f Mardi <b>04 octobre<\/b> 2022 : Introduction g\u00e9n\u00e9rale - <i>Caract\u00e9ristiques de la civilisation \u00e9gyptienne<\/i><br><br>\n\n\n<img decoding=\"async\" draggable=\"false\" role=\"img\" class=\"emoji\" alt=\"\u27a1\ufe0f\" src=\"https:\/\/s.w.org\/images\/core\/emoji\/13.1.0\/svg\/27a1.svg\"> Mardi <b>11 octobre<\/b> 2022 : Architecture - <i>L'architecture pharaonique, une propagande de pierre<\/i><br><br>\n\n<img decoding=\"async\" draggable=\"false\" role=\"img\" class=\"emoji\" alt=\"\u27a1\ufe0f\" src=\"https:\/\/s.w.org\/images\/core\/emoji\/13.1.0\/svg\/27a1.svg\"> Mardi <b>18 octobre<\/b> 2022 : Peinture et sculpture -  <i>\u00c9volution stylistique<\/i> Volet 1 <br><br>\n\n<img decoding=\"async\" draggable=\"false\" role=\"img\" class=\"emoji\" alt=\"\u27a1\ufe0f\" src=\"https:\/\/s.w.org\/images\/core\/emoji\/13.1.0\/svg\/27a1.svg\"> Mardi <b>25 octobre<\/b> 2022 : Peinture et sculpture - <i>\u00c9volution stylistique<\/i> Volet 2 <br><br\n\n<img decoding=\"async\" draggable=\"false\" role=\"img\" class=\"emoji\" alt=\"\u27a1\ufe0f\" src=\"https:\/\/s.w.org\/images\/core\/emoji\/13.1.0\/svg\/27a1.svg\"> \u27a1\ufe0f Mardi <b> 08 novembre<\/b> 2022 : Les objets - <i>Le mobilier fun\u00e9raire<\/i><br><br>\n\n\n \u27a1\ufe0f Mardi <b> 15 novembre<\/b> 2022 : \u00c9tudes de cas : Le temple d'Edfou, le groupe statuaire de Rahotep et Nofret, les d\u00e9cors de la tombe de Neferatry (QV66) et quelques pi\u00e8ces du tr\u00e9sor fun\u00e9raire de Tout\u00e2nkhamon<br><br>\n\n\n<p class=\"MsoNormal\" style=\"margin: 0cm 0cm 0.0001pt; font-size: 12pt; font-family: Cambria; color: rgb(0, 0, 0); font-style: normal; font-variant-ligatures: normal; font-variant-caps: normal; font-weight: 400; white-space: normal;\"><span style=\"font-family: Arial;\"><o:p><\/o:p><\/span><\/p>\n\n\n<b>Contact pour inscription :  <a href=\" https:\/\/utllille.fr\/contact.php\n\"> https:\/\/utllille.fr\/contact.php\n<\/a>\n<\/p><\/div><\/div>\t\t<\/div>\n\t\t\t\t<\/div>\n\t\t\t\t\t\t<\/div>\n\t\t\t\t\t<\/div>\n\t\t<\/div>\n\t\t\t\t\t\t\t\t<\/div>\n\t\t\t\t\t<\/div>\n\t\t<\/section>\n\t\t\t\t<section class=\"elementor-section elementor-top-section elementor-element elementor-element-7e12552 elementor-section-boxed elementor-section-height-default elementor-section-height-default\" data-id=\"7e12552\" data-element_type=\"section\" data-settings=\"{&quot;background_background&quot;:&quot;classic&quot;}\">\n\t\t\t\t\t\t<div class=\"elementor-container elementor-column-gap-default\">\n\t\t\t\t\t\t\t<div class=\"elementor-row\">\n\t\t\t\t\t<div class=\"elementor-column elementor-col-100 elementor-top-column elementor-element elementor-element-3e2926c\" data-id=\"3e2926c\" data-element_type=\"column\">\n\t\t\t<div class=\"elementor-column-wrap elementor-element-populated\">\n\t\t\t\t\t\t\t<div class=\"elementor-widget-wrap\">\n\t\t\t\t\t\t<div class=\"elementor-element elementor-element-26ca87d elementor-widget elementor-widget-menu-anchor\" data-id=\"26ca87d\" data-element_type=\"widget\" data-widget_type=\"menu-anchor.default\">\n\t\t\t\t<div class=\"elementor-widget-container\">\n\t\t\t\t\t<div id=\"conferences\" class=\"elementor-menu-anchor\"><\/div>\n\t\t\t\t<\/div>\n\t\t\t\t<\/div>\n\t\t\t\t<div class=\"elementor-element elementor-element-f658df6 elementor-position-right elementor-vertical-align-middle elementor-widget elementor-widget-image-box\" data-id=\"f658df6\" data-element_type=\"widget\" data-widget_type=\"image-box.default\">\n\t\t\t\t<div class=\"elementor-widget-container\">\n\t\t\t<div class=\"elementor-image-box-wrapper\"><figure class=\"elementor-image-box-img\"><img loading=\"lazy\" decoding=\"async\" width=\"2288\" height=\"1712\" src=\"https:\/\/laurenceretourne.fr\/wp-content\/uploads\/2020\/09\/Pornic-Bord-du-Nil-10.11.10-salle.jpg\" class=\"attachment-full size-full\" alt=\"\" \/><\/figure><div class=\"elementor-image-box-content\"><h3 class=\"elementor-image-box-title\">CONF\u00c9RENCES<\/h3><p class=\"elementor-image-box-description\">\u27a1\ufe0f <b>Visio conf\u00e9rence<\/b> organis\u00e9e par <i>Les Maisons du Voyage<\/i> \u2013 le <b>13.09.22<\/b> de 18h30 \u00e0 19h30  <br>\u2022 <i>Champollion l'\u00e9rudit<\/i><br><span style=\"font-family: Roboto; font-size: 14px; font-style: normal; font-variant-ligatures: normal; font-variant-caps: normal; font-weight: 400;\">\u2022 <\/span>Renseignements sur le site :<a href=\" https:\/\/www.maisonsduvoyage.com\/autour-du-voyage\/evenement-culturel\/visoconference\/champollion-lerudit\n\"> https:\/\/www.maisonsduvoyage.com\/autour-du-voyage\/evenement-culturel\/visoconference\/champollion-lerudit\n<\/a>\n<br><span style=\"font-family: Roboto; font-size: 14px; font-style: normal; font-variant-ligatures: normal; font-variant-caps: normal; font-weight: 400;\">\u2022 <\/span>Contact : s'inscrire sur le site <br><br>\n\n\n\u27a1\ufe0f Conf\u00e9rence <b>UTL de Lille<\/b> le <b>07.10.22<\/b> de 14h30 \u00e0 16h30<br><span style=\"font-family: Roboto; font-size: 14px; font-style: normal; font-variant-ligatures: normal; font-variant-caps: normal; font-weight: 400;\">\u2022 <\/span><i>Bestiaire pharaonique<\/i> Volet 1 :  <i>Les figures animales du pouvoir<\/i><br><span style=\"font-family: Roboto; font-size: 14px; font-style: normal; font-variant-ligatures: normal; font-variant-caps: normal; font-weight: 400;\">\u2022 <\/span>Renseignements sur le site : \n<a href=\" https:\/\/utllille.fr\/conferences.php\n\"> https:\/\/utllille.fr\/conferences.php\n<\/a><br><span style=\"font-family: Roboto; font-size: 14px; font-style: normal; font-variant-ligatures: normal; font-variant-caps: normal; font-weight: 400;\">\u2022 <\/span>Contact : secr\u00e9tariat au 09.71.72.93.16 \u2013 adresse mail : utl.lille@gmail.com\n<br><br>\n\n\u27a1\ufe0f Conf\u00e9rence <b>UTL de Cholet<\/b> le <b>31.01.22<\/b de 14h30 \u00e0 16h30<br><span style=\"font-family: Roboto; font-size: 14px; font-style: normal; font-variant-ligatures: normal; font-variant-caps: normal; font-weight: 400;\"><br>\u2022 <\/span><i>Le bestiaire pharaonique<\/i> Volet 1 <i>Les figures animales du pouvoir<\/i><br><span style=\"font-family: Roboto; font-size: 14px; font-style: normal; font-variant-ligatures: normal; font-variant-caps: normal; font-weight: 400;\">\u2022 <\/span>Renseignements sur le site : <a href=\" https:\/\/www.utl-cholet.fr\/programme\/\n\"> https:\/\/www.utl-cholet.fr\/programme\/\n<\/a>\n<br><span style=\"font-family: Roboto; font-size: 14px; font-style: normal; font-variant-ligatures: normal; font-variant-caps: normal; font-weight: 400;\">\u2022 <\/span>Contact : Jacqueline Laporte \u2013 adresse mail : jacqlaporte@hotmail.fr ou univtempslibre.cholet@gmail.com<br><br>\n\n\u27a1\ufe0f Conf\u00e9rence <b>UTL de Cholet<\/b> le <b>07.02.22<\/b de 14h30 \u00e0 16h30<br><span style=\"font-family: Roboto; font-size: 14px; font-style: normal; font-variant-ligatures: normal; font-variant-caps: normal; font-weight: 400;\"><br>\u2022 <\/span><i>Le bestiaire pharaonique<\/i> Volet 2 <i>Les figures animales de la religion<\/i><br><span style=\"font-family: Roboto; font-size: 14px; font-style: normal; font-variant-ligatures: normal; font-variant-caps: normal; font-weight: 400;\">\u2022 <\/span>Renseignements sur le site : <a href=\" https:\/\/www.utl-cholet.fr\/programme\/\n\"> https:\/\/www.utl-cholet.fr\/programme\/\n<\/a>\n<br><span style=\"font-family: Roboto; font-size: 14px; font-style: normal; font-variant-ligatures: normal; font-variant-caps: normal; font-weight: 400;\">\u2022 <\/span>Contact : Jacqueline Laporte \u2013 adresse mail : jacqlaporte@hotmail.fr ou univtempslibre.cholet@gmail.com<br><br>\n\n\u27a1\ufe0f Conf\u00e9rence <b>UTL de Lille<\/b> le <b>14.04.23<\/b> de 14h30 \u00e0 16h30<br><span style=\"font-family: Roboto; font-size: 14px; font-style: normal; font-variant-ligatures: normal; font-variant-caps: normal; font-weight: 400;\">\u2022 <\/span><i>Bestiaire pharaonique<\/i> Volet 2 :  <i>Les figures animales de la religion<\/i><br><span style=\"font-family: Roboto; font-size: 14px; font-style: normal; font-variant-ligatures: normal; font-variant-caps: normal; font-weight: 400;\">\u2022 <\/span>Renseignements sur le site : \n<a href=\" https:\/\/utllille.fr\/conferences.php\n\"> https:\/\/utllille.fr\/conferences.php\n<\/a><br><span style=\"font-family: Roboto; font-size: 14px; font-style: normal; font-variant-ligatures: normal; font-variant-caps: normal; font-weight: 400;\">\u2022 <\/span>Contact : secr\u00e9tariat au 09.71.72.93.16 \u2013 adresse mail : utl.lille@gmail.com\n\n<\/p><\/div><\/div>\t\t<\/div>\n\t\t\t\t<\/div>\n\t\t\t\t\t\t<\/div>\n\t\t\t\t\t<\/div>\n\t\t<\/div>\n\t\t\t\t\t\t\t\t<\/div>\n\t\t\t\t\t<\/div>\n\t\t<\/section>\n\t\t\t\t<section class=\"elementor-section elementor-top-section elementor-element elementor-element-b24c14b elementor-section-boxed elementor-section-height-default elementor-section-height-default\" data-id=\"b24c14b\" data-element_type=\"section\" data-settings=\"{&quot;background_background&quot;:&quot;classic&quot;}\">\n\t\t\t\t\t\t<div class=\"elementor-container elementor-column-gap-default\">\n\t\t\t\t\t\t\t<div class=\"elementor-row\">\n\t\t\t\t\t<div class=\"elementor-column elementor-col-100 elementor-top-column elementor-element elementor-element-7b3f415\" data-id=\"7b3f415\" data-element_type=\"column\">\n\t\t\t<div class=\"elementor-column-wrap elementor-element-populated\">\n\t\t\t\t\t\t\t<div class=\"elementor-widget-wrap\">\n\t\t\t\t\t\t<div class=\"elementor-element elementor-element-484fd07 elementor-widget elementor-widget-menu-anchor\" data-id=\"484fd07\" data-element_type=\"widget\" data-widget_type=\"menu-anchor.default\">\n\t\t\t\t<div class=\"elementor-widget-container\">\n\t\t\t\t\t<div id=\"voyagesguidesenegyptePN\" class=\"elementor-menu-anchor\"><\/div>\n\t\t\t\t<\/div>\n\t\t\t\t<\/div>\n\t\t\t\t<div class=\"elementor-element elementor-element-ccf4aa0 elementor-position-left elementor-vertical-align-middle elementor-widget elementor-widget-image-box\" data-id=\"ccf4aa0\" data-element_type=\"widget\" data-widget_type=\"image-box.default\">\n\t\t\t\t<div class=\"elementor-widget-container\">\n\t\t\t<div class=\"elementor-image-box-wrapper\"><figure class=\"elementor-image-box-img\"><img loading=\"lazy\" decoding=\"async\" width=\"1920\" height=\"1280\" src=\"https:\/\/laurenceretourne.fr\/wp-content\/uploads\/2020\/09\/DSC_0253-Ste\u0300le-rupestre-Ramses-2-scaled-e1600422143709.jpg\" class=\"attachment-full size-full\" alt=\"\" \/><\/figure><div class=\"elementor-image-box-content\"><h3 class=\"elementor-image-box-title\">VOYAGES GUID\u00c9S EN EGYPTE (<i>PEROU NEFER)<\/i><\/h3><p class=\"elementor-image-box-description\">Les voyages <i> Perou Nefer<\/i> concernent essentiellement les adh\u00e9rents de l'UPN et plus particuli\u00e8rement les \u00e9tudiants en \u00c9gyptologie. Pour <u>en savoir plus<\/u>, consulter le site<a href=\" http:\/\/perou-nefer.com\/\n\"> http:\/\/perou-nefer.com\/\n<\/a>\n\n <br>\u27a1\ufe0f <b>Contact<\/b> : Laurence Retourn\u00e9 (retournelaurence@gmail.com)<br><br>\n\n<img decoding=\"async\" draggable=\"false\" role=\"img\" class=\"emoji\" alt=\"\u27a1\ufe0f\" src=\"https:\/\/s.w.org\/images\/core\/emoji\/13.1.0\/svg\/27a1.svg\"> <b>Vacances de F\u00e9vrier 2023 -<\/b> Petit s\u00e9jour Louxor : <i>Iconographie th\u00e9baine<\/i>\n<br>\nLe <i><b>Petit S\u00e9jour Louxor<\/b><\/i><b> <\/b>est un voyage d'une semaine qui permet de profiter au mieux du <i>Luxor Pass<\/i>. Durant 5 jours, tous les sites et mus\u00e9es sont accessibles autant de fois que l'on souhaite. La premi\u00e8re journ\u00e9e est un temps de d\u00e9tente et d'acclimatation, suivi des 5 jours de visites. Nous \u00e9tudierons sur place les d\u00e9cors des temples de la rive Est (temple d'Amon, l'<i>Isherou<\/i> de Mout et le temple de Louxor), de la rive Ouest (le temple de la butte de Dj\u00eam\u00e9, quelques <i>Temples des millions d'Ann\u00e9es<\/i> ou temples m\u00e9moriels royaux) et les d\u00e9cors de tombes de la Vall\u00e9e des rois, des reines, des nobles et de Deir el-Medineh.<br>Le <b>cours pr\u00e9paratoire<\/b> \u00e0 ce voyage a lieu \u00e0 l'UPN les vendredi  06, 13, 20 et 27 janvier et 03 et 10 f\u00e9vrier 2023 de 14h00 \u00e0 16h00. <u>Pour s'inscrire<\/u> : <a href=\" https:\/\/up.univ-nantes.fr\/inscriptions-2\n\"> https:\/\/up.univ-nantes.fr\/inscriptions-2\n<\/a><br>\u27a1\ufe0f <b>Septembre 2023<\/b> - Grand Voyage du Nord : <i>De Memphis \u00e0 Akhetaton<\/i><br>Ce voyage d'environ 11 \u00e0 12 jours propose un itin\u00e9raire dans une r\u00e9gion historique de l'\u00c9gypte pharaonique. En l'occurrence, les sites de la Moyenne \u00c9gypte \u00e9tant rouverts au public, c'est l'occasion de profiter du <i>Cairo Pass<\/i> pour visiter les hauts lieux de la cit\u00e9 des rois fils de R\u00ea (Saqqarah, Gizah, le <i>GEM<\/i>, ...) puis de descendre le Nil pour visiter Hermopolis Magna, la cit\u00e9 de Thot, la n\u00e9cropole de Beni Hassan, le Speos Artemidos et les vestiges de Tell el-Amarna, la cit\u00e9 d'Akhenaton.\n<br><br>\n\n\n\u27a1\ufe0f <b>R\u00e9union d'information <\/b>: ces voyages sont en cours d'\u00e9laboration et une r\u00e9union d'information se tiendra dans les locaux de l'UPN, B\u00e2timent Atelier et Chantier de Nantes 2 bis Bd L\u00e9on Bureau. RDV le <b>06\/09\/22<\/b> \u00e0 <b>14h30<\/b>, <b>salle 211<\/b> (Amphi Jorj Morin - 2e \u00e9tage)\n\n<\/p><\/div><\/div>\t\t<\/div>\n\t\t\t\t<\/div>\n\t\t\t\t<div class=\"elementor-element elementor-element-688cd73 elementor-widget elementor-widget-menu-anchor\" data-id=\"688cd73\" data-element_type=\"widget\" data-widget_type=\"menu-anchor.default\">\n\t\t\t\t<div class=\"elementor-widget-container\">\n\t\t\t\t\t<div id=\"voyagesguidesenegypteMdV\" class=\"elementor-menu-anchor\"><\/div>\n\t\t\t\t<\/div>\n\t\t\t\t<\/div>\n\t\t\t\t<div class=\"elementor-element elementor-element-d7da294 elementor-position-left elementor-vertical-align-middle elementor-widget elementor-widget-image-box\" data-id=\"d7da294\" data-element_type=\"widget\" data-widget_type=\"image-box.default\">\n\t\t\t\t<div class=\"elementor-widget-container\">\n\t\t\t<div class=\"elementor-image-box-wrapper\"><figure class=\"elementor-image-box-img\"><img loading=\"lazy\" decoding=\"async\" width=\"476\" height=\"374\" src=\"https:\/\/laurenceretourne.fr\/wp-content\/uploads\/2022\/07\/Les-maisons-du-Voyages-Logo-.png\" class=\"attachment-full size-full\" alt=\"\" \/><\/figure><div class=\"elementor-image-box-content\"><h3 class=\"elementor-image-box-title\">VOYAGES GUID\u00c9S EN EGYPTE <br>(<i>LES MAISONS DU VOYAGE)<\/i><\/h3><p class=\"elementor-image-box-description\"><i>Les Maisons du Voyages<\/i> organisent des voyages \u00e0 la demande pour de nombreuses destinations et l'\u00c9gypte est devenue l'une de ces maisons. Pour c\u00e9l\u00e9brer dignement son trenti\u00e8me anniversaire, l'agence vous propose un voyage d'exception, qui permettra de d\u00e9couvrir Giza et le<i> Grand Egyptian Museum<\/i>, la ville du Caire, les vestiges pharaoniques de Louxor et leur survol en montgolfi\u00e8re. Puis une belle navigation en dahabeya nous conduira \u00e0 Assouan, ponctu\u00e9e de quelques escales culturelles. Nous terminerons ce p\u00e9riple par la visite du temple nubien d'Abou Simbel \u00e9lev\u00e9 par Rams\u00e8s 2, d\u00e9mont\u00e9 puis remont\u00e9 sur les rives du lac Nasser.<br><br>\n<img decoding=\"async\" draggable=\"false\" role=\"img\" class=\"emoji\" alt=\"\u27a1\ufe0f\" src=\"https:\/\/s.w.org\/images\/core\/emoji\/13.1.0\/svg\/27a1.svg\"> <b>Conf\u00e9rences<\/b> : Au cours de ce voyage que j'accompagne, j'animerai \u00e9galement trois conf\u00e9rences en lien avec les visites des sites <br><u>Premi\u00e8re conf\u00e9rence<\/u> : <i>Sur les traces de Tout\u00e2nkhamon  <\/i><br><u>Deuxi\u00e8me conf\u00e9rence<\/u> : <i>L'Architecture, une propagande de pierr - Des origines \u00e0 la pyramide \u00e0 faces lisses<\/i><br><u>Troisi\u00e8me conf\u00e9rence <\/u>: <i>Th\u00e8bes la puissante, la cit\u00e9 des rois h\u00e9ro\u00efques<\/i>\n<br><br>\n<img decoding=\"async\" draggable=\"false\" role=\"img\" class=\"emoji\" alt=\"\u27a1\ufe0f\" src=\"https:\/\/s.w.org\/images\/core\/emoji\/13.1.0\/svg\/27a1.svg\"><b> Deux dates<\/b> sont propos\u00e9es, l'une pour un voyage en hiver et l'autre au printemps : <br><u>Le voyage d'hiver<\/u> : du 07 au 18 d\u00e9cembre 2022 (complet)<br><u>Le voyage de printemps<\/u> : du 22 mars au 1e avril 2023 (inscriptions ouvertes)\n \n<br><br><img decoding=\"async\" draggable=\"false\" role=\"img\" class=\"emoji\" alt=\"\u27a1\ufe0f\" src=\"https:\/\/s.w.org\/images\/core\/emoji\/13.1.0\/svg\/27a1.svg\"> Pour en savoir plus ou s'inscrire en ligne, consulter le site des <i>Maisons du Voyage<\/i> : <a href=\" https:\/\/www.maisonsduvoyage.com\/afrique\/egypte\/circuit-accompagne\/1922-2022-la-legende-de-toutankhamon\n\"> https:\/\/www.maisonsduvoyage.com\/afrique\/egypte\/circuit-accompagne\/1922-2022-la-legende-de-toutankhamon\n<\/a>\n\n<\/i><\/p><\/div><\/div>\t\t<\/div>\n\t\t\t\t<\/div>\n\t\t\t\t\t\t<\/div>\n\t\t\t\t\t<\/div>\n\t\t<\/div>\n\t\t\t\t\t\t\t\t<\/div>\n\t\t\t\t\t<\/div>\n\t\t<\/section>\n\t\t\t\t<section class=\"elementor-section elementor-top-section elementor-element elementor-element-90772fd elementor-section-boxed elementor-section-height-default elementor-section-height-default\" data-id=\"90772fd\" data-element_type=\"section\" data-settings=\"{&quot;background_background&quot;:&quot;classic&quot;}\">\n\t\t\t\t\t\t<div class=\"elementor-container elementor-column-gap-default\">\n\t\t\t\t\t\t\t<div class=\"elementor-row\">\n\t\t\t\t\t<div class=\"elementor-column elementor-col-100 elementor-top-column elementor-element elementor-element-a8ab1bf\" data-id=\"a8ab1bf\" data-element_type=\"column\">\n\t\t\t<div class=\"elementor-column-wrap elementor-element-populated\">\n\t\t\t\t\t\t\t<div class=\"elementor-widget-wrap\">\n\t\t\t\t\t\t<div class=\"elementor-element elementor-element-63a7d51 elementor-widget elementor-widget-menu-anchor\" data-id=\"63a7d51\" data-element_type=\"widget\" data-widget_type=\"menu-anchor.default\">\n\t\t\t\t<div class=\"elementor-widget-container\">\n\t\t\t\t\t<div id=\"visitesguideesenmusee\" class=\"elementor-menu-anchor\"><\/div>\n\t\t\t\t<\/div>\n\t\t\t\t<\/div>\n\t\t\t\t<div class=\"elementor-element elementor-element-8fd4bf6 elementor-position-right elementor-vertical-align-middle elementor-widget elementor-widget-image-box\" data-id=\"8fd4bf6\" data-element_type=\"widget\" data-widget_type=\"image-box.default\">\n\t\t\t\t<div class=\"elementor-widget-container\">\n\t\t\t<div class=\"elementor-image-box-wrapper\"><figure class=\"elementor-image-box-img\"><img loading=\"lazy\" decoding=\"async\" width=\"2560\" height=\"1920\" src=\"https:\/\/laurenceretourne.fr\/wp-content\/uploads\/2020\/09\/Jupiter-scaled.jpg\" class=\"attachment-full size-full\" alt=\"\" \/><\/figure><div class=\"elementor-image-box-content\"><h3 class=\"elementor-image-box-title\">VISITES GUID\u00c9ES EN MUS\u00c9E<\/h3><p class=\"elementor-image-box-description\">Cet \u00e9t\u00e9, le mus\u00e9e du Louvre Lens propose des visites guid\u00e9es r\u00e9guli\u00e8res en semaine et le week-end \n\n<br><br><img decoding=\"async\" draggable=\"false\" role=\"img\" class=\"emoji\" alt=\"\u27a1\ufe0f\" src=\"https:\/\/s.w.org\/images\/core\/emoji\/13.0.0\/svg\/27a1.svg\"> La Galerie du temps (visites guid\u00e9es d'une heure)<br>Du 09 au 25 juillet : tous les jours \u00e0 11h00<br>Du 27 juillet au 28 aout : tous les jours, l'une \u00e0 15h00 et une autre \u00e0 16h15<br>Du 29 aout au 26 septembre : en semaine, \u00e0 15h00 et les week-end, \u00e015h00 et \u00e0 16h15\n\n<br><br>\n<img decoding=\"async\" draggable=\"false\" role=\"img\" class=\"emoji\" alt=\"\u27a1\ufe0f\" src=\"https:\/\/s.w.org\/images\/core\/emoji\/13.0.0\/svg\/27a1.svg\"> L\u2019exposition Rome : 13h45-14h45 \u2013 15h00-16h00 \u2013 16h15-17h15\n<br><br>\u27a1\ufe0f Ouverture de l'exposition Champollion, sur la voie des hi\u00e9roglyphes \n<br><br>Les groupes sont \u00e9galement accueillis pour des visites plus personnalis\u00e9es (visites guid\u00e9es des deux expositions Le grand tour en 2h00 \u2013 visites guid\u00e9es de l\u2019une ou de l\u2019autre en 1h00, en 1h30 ou 2h00 \u2013 visite du parc au mus\u00e9e en 2h00) \u2013 renseignements sur le site : <a href=\" https:\/\/www.louvrelens.fr\/la-programmation\/\n\"> https:\/\/www.louvrelens.fr\/la-programmation\/\n<\/a>\n<br><br>\n<b>Contact r\u00e9servation<\/b> : 03.21.18.62.62<\/p><\/div><\/div>\t\t<\/div>\n\t\t\t\t<\/div>\n\t\t\t\t\t\t<\/div>\n\t\t\t\t\t<\/div>\n\t\t<\/div>\n\t\t\t\t\t\t\t\t<\/div>\n\t\t\t\t\t<\/div>\n\t\t<\/section>\n\t\t\t\t\t\t<\/div>\n\t\t\t\t\t\t<\/div>\n\t\t\t\t\t<\/div>\n\t\t","protected":false},"excerpt":{"rendered":"<p>\u00c9V\u00c8NEMENTS Cette ann\u00e9e je vous propose diff\u00e9rents \u00e9v\u00e8nements : des cours, des conf\u00e9rences, des voyages guid\u00e9s en \u00c9gypte ainsi que des visites guid\u00e9es en mus\u00e9e. Ci-dessous, un aper\u00e7u de ces prestations vous informe sur leurs propos. Et si vous \u00eates int\u00e9ress\u00e9s, vous trouverez des informations pr\u00e9cises sur les lieux, les dates et les contacts en [&hellip;]<\/p>\n","protected":false},"author":1,"featured_media":0,"parent":0,"menu_order":0,"comment_status":"closed","ping_status":"closed","template":"elementor_header_footer","meta":{"spay_email":"","footnotes":""},"class_list":["post-19","page","type-page","status-publish","hentry","entry"],"yoast_head":"<!-- This site is optimized with the Yoast SEO plugin v17.0 - https:\/\/yoast.com\/wordpress\/plugins\/seo\/ -->\n<title>\u00c9v\u00e8nements - Laurence Retourn\u00e9<\/title>\n<meta name=\"robots\" content=\"index, follow, max-snippet:-1, max-image-preview:large, max-video-preview:-1\" \/>\n<link rel=\"canonical\" href=\"https:\/\/laurenceretourne.fr\/?page_id=19\" \/>\n<meta property=\"og:locale\" content=\"fr_FR\" \/>\n<meta property=\"og:type\" content=\"article\" \/>\n<meta property=\"og:title\" content=\"\u00c9v\u00e8nements - Laurence Retourn\u00e9\" \/>\n<meta property=\"og:description\" content=\"\u00c9V\u00c8NEMENTS Cette ann\u00e9e je vous propose diff\u00e9rents \u00e9v\u00e8nements : des cours, des conf\u00e9rences, des voyages guid\u00e9s en \u00c9gypte ainsi que des visites guid\u00e9es en mus\u00e9e. Ci-dessous, un aper\u00e7u de ces prestations vous informe sur leurs propos. Et si vous \u00eates int\u00e9ress\u00e9s, vous trouverez des informations pr\u00e9cises sur les lieux, les dates et les contacts en [&hellip;]\" \/>\n<meta property=\"og:url\" content=\"https:\/\/laurenceretourne.fr\/?page_id=19\" \/>\n<meta property=\"og:site_name\" content=\"Laurence Retourn\u00e9\" \/>\n<meta property=\"article:modified_time\" content=\"2022-07-11T15:02:26+00:00\" \/>\n<meta property=\"og:image\" content=\"https:\/\/laurenceretourne.fr\/wp-content\/uploads\/2020\/09\/universite-permanante-de-nantes.jpg\" \/>\n<meta name=\"twitter:card\" content=\"summary_large_image\" \/>\n<meta name=\"twitter:label1\" content=\"Dur\u00e9e de lecture est.\" \/>\n\t<meta name=\"twitter:data1\" content=\"13 minutes\" \/>\n<script type=\"application\/ld+json\" class=\"yoast-schema-graph\">{\"@context\":\"https:\/\/schema.org\",\"@graph\":[{\"@type\":\"WebSite\",\"@id\":\"https:\/\/laurenceretourne.fr\/#website\",\"url\":\"https:\/\/laurenceretourne.fr\/\",\"name\":\"Laurence Retourn\\u00e9\",\"description\":\"\",\"potentialAction\":[{\"@type\":\"SearchAction\",\"target\":{\"@type\":\"EntryPoint\",\"urlTemplate\":\"https:\/\/laurenceretourne.fr\/?s={search_term_string}\"},\"query-input\":\"required name=search_term_string\"}],\"inLanguage\":\"fr-FR\"},{\"@type\":\"ImageObject\",\"@id\":\"https:\/\/laurenceretourne.fr\/?page_id=19#primaryimage\",\"inLanguage\":\"fr-FR\",\"url\":\"https:\/\/laurenceretourne.fr\/wp-content\/uploads\/2020\/09\/universite-permanante-de-nantes.jpg\",\"contentUrl\":\"https:\/\/laurenceretourne.fr\/wp-content\/uploads\/2020\/09\/universite-permanante-de-nantes.jpg\",\"width\":1280,\"height\":720},{\"@type\":\"WebPage\",\"@id\":\"https:\/\/laurenceretourne.fr\/?page_id=19#webpage\",\"url\":\"https:\/\/laurenceretourne.fr\/?page_id=19\",\"name\":\"\\u00c9v\\u00e8nements - Laurence Retourn\\u00e9\",\"isPartOf\":{\"@id\":\"https:\/\/laurenceretourne.fr\/#website\"},\"primaryImageOfPage\":{\"@id\":\"https:\/\/laurenceretourne.fr\/?page_id=19#primaryimage\"},\"datePublished\":\"2020-09-03T12:03:44+00:00\",\"dateModified\":\"2022-07-11T15:02:26+00:00\",\"breadcrumb\":{\"@id\":\"https:\/\/laurenceretourne.fr\/?page_id=19#breadcrumb\"},\"inLanguage\":\"fr-FR\",\"potentialAction\":[{\"@type\":\"ReadAction\",\"target\":[\"https:\/\/laurenceretourne.fr\/?page_id=19\"]}]},{\"@type\":\"BreadcrumbList\",\"@id\":\"https:\/\/laurenceretourne.fr\/?page_id=19#breadcrumb\",\"itemListElement\":[{\"@type\":\"ListItem\",\"position\":1,\"name\":\"Accueil\",\"item\":\"https:\/\/laurenceretourne.fr\/\"},{\"@type\":\"ListItem\",\"position\":2,\"name\":\"\\u00c9v\\u00e8nements\"}]}]}<\/script>\n<!-- \/ Yoast SEO plugin. -->","yoast_head_json":{"title":"\u00c9v\u00e8nements - Laurence Retourn\u00e9","robots":{"index":"index","follow":"follow","max-snippet":"max-snippet:-1","max-image-preview":"max-image-preview:large","max-video-preview":"max-video-preview:-1"},"canonical":"https:\/\/laurenceretourne.fr\/?page_id=19","og_locale":"fr_FR","og_type":"article","og_title":"\u00c9v\u00e8nements - Laurence Retourn\u00e9","og_description":"\u00c9V\u00c8NEMENTS Cette ann\u00e9e je vous propose diff\u00e9rents \u00e9v\u00e8nements : des cours, des conf\u00e9rences, des voyages guid\u00e9s en \u00c9gypte ainsi que des visites guid\u00e9es en mus\u00e9e. Ci-dessous, un aper\u00e7u de ces prestations vous informe sur leurs propos. Et si vous \u00eates int\u00e9ress\u00e9s, vous trouverez des informations pr\u00e9cises sur les lieux, les dates et les contacts en [&hellip;]","og_url":"https:\/\/laurenceretourne.fr\/?page_id=19","og_site_name":"Laurence Retourn\u00e9","article_modified_time":"2022-07-11T15:02:26+00:00","og_image":[{"url":"https:\/\/laurenceretourne.fr\/wp-content\/uploads\/2020\/09\/universite-permanante-de-nantes.jpg"}],"twitter_card":"summary_large_image","twitter_misc":{"Dur\u00e9e de lecture est.":"13 minutes"},"schema":{"@context":"https:\/\/schema.org","@graph":[{"@type":"WebSite","@id":"https:\/\/laurenceretourne.fr\/#website","url":"https:\/\/laurenceretourne.fr\/","name":"Laurence Retourn\u00e9","description":"","potentialAction":[{"@type":"SearchAction","target":{"@type":"EntryPoint","urlTemplate":"https:\/\/laurenceretourne.fr\/?s={search_term_string}"},"query-input":"required name=search_term_string"}],"inLanguage":"fr-FR"},{"@type":"ImageObject","@id":"https:\/\/laurenceretourne.fr\/?page_id=19#primaryimage","inLanguage":"fr-FR","url":"https:\/\/laurenceretourne.fr\/wp-content\/uploads\/2020\/09\/universite-permanante-de-nantes.jpg","contentUrl":"https:\/\/laurenceretourne.fr\/wp-content\/uploads\/2020\/09\/universite-permanante-de-nantes.jpg","width":1280,"height":720},{"@type":"WebPage","@id":"https:\/\/laurenceretourne.fr\/?page_id=19#webpage","url":"https:\/\/laurenceretourne.fr\/?page_id=19","name":"\u00c9v\u00e8nements - Laurence Retourn\u00e9","isPartOf":{"@id":"https:\/\/laurenceretourne.fr\/#website"},"primaryImageOfPage":{"@id":"https:\/\/laurenceretourne.fr\/?page_id=19#primaryimage"},"datePublished":"2020-09-03T12:03:44+00:00","dateModified":"2022-07-11T15:02:26+00:00","breadcrumb":{"@id":"https:\/\/laurenceretourne.fr\/?page_id=19#breadcrumb"},"inLanguage":"fr-FR","potentialAction":[{"@type":"ReadAction","target":["https:\/\/laurenceretourne.fr\/?page_id=19"]}]},{"@type":"BreadcrumbList","@id":"https:\/\/laurenceretourne.fr\/?page_id=19#breadcrumb","itemListElement":[{"@type":"ListItem","position":1,"name":"Accueil","item":"https:\/\/laurenceretourne.fr\/"},{"@type":"ListItem","position":2,"name":"\u00c9v\u00e8nements"}]}]}},"_links":{"self":[{"href":"https:\/\/laurenceretourne.fr\/index.php?rest_route=\/wp\/v2\/pages\/19"}],"collection":[{"href":"https:\/\/laurenceretourne.fr\/index.php?rest_route=\/wp\/v2\/pages"}],"about":[{"href":"https:\/\/laurenceretourne.fr\/index.php?rest_route=\/wp\/v2\/types\/page"}],"author":[{"embeddable":true,"href":"https:\/\/laurenceretourne.fr\/index.php?rest_route=\/wp\/v2\/users\/1"}],"replies":[{"embeddable":true,"href":"https:\/\/laurenceretourne.fr\/index.php?rest_route=%2Fwp%2Fv2%2Fcomments&post=19"}],"version-history":[{"count":128,"href":"https:\/\/laurenceretourne.fr\/index.php?rest_route=\/wp\/v2\/pages\/19\/revisions"}],"predecessor-version":[{"id":920,"href":"https:\/\/laurenceretourne.fr\/index.php?rest_route=\/wp\/v2\/pages\/19\/revisions\/920"}],"wp:attachment":[{"href":"https:\/\/laurenceretourne.fr\/index.php?rest_route=%2Fwp%2Fv2%2Fmedia&parent=19"}],"curies":[{"name":"wp","href":"https:\/\/api.w.org\/{rel}","templated":true}]}}